{"id":8291,"date":"2025-06-17T00:00:00","date_gmt":"2025-06-17T00:00:00","guid":{"rendered":"http:\/\/www.colefillesbalears.com\/web\/?page_id=8291"},"modified":"2025-06-17T12:55:07","modified_gmt":"2025-06-17T12:55:07","slug":"placa-identificativa-efe","status":"publish","type":"page","link":"http:\/\/www.colefillesbalears.com\/web\/area-professional\/placa-identificativa-efe\/","title":{"rendered":"Placa identificativa EFE"},"content":{"rendered":"<div class=\"wp-block-image\">\n<figure class=\"aligncenter size-full\"><a href=\"http:\/\/www.colefillesbalears.com\/web\/wp-content\/uploads\/2025\/06\/placa-identificativa-EFE.jpeg\"><img decoding=\"async\" loading=\"lazy\" width=\"1050\" height=\"600\" src=\"http:\/\/www.colefillesbalears.com\/web\/wp-content\/uploads\/2025\/06\/placa-identificativa-EFE.jpeg\" alt=\"\" class=\"wp-image-8294\" srcset=\"http:\/\/www.colefillesbalears.com\/web\/wp-content\/uploads\/2025\/06\/placa-identificativa-EFE.jpeg 1050w, http:\/\/www.colefillesbalears.com\/web\/wp-content\/uploads\/2025\/06\/placa-identificativa-EFE-768x438.jpeg 768w\" sizes=\"(max-width: 1050px) 100vw, 1050px\" \/><\/a><\/figure><\/div>\n\n\n<h2 class=\"wp-block-heading\">Des del COLEF Illes Balears, volem refor\u00e7ar la visibilitat i el reconeixement social i legal de la nostra professi\u00f3. <\/h2>\n\n\n\n<h2 class=\"wp-block-heading\">Per aix\u00f2, posem en marxa una acci\u00f3 concreta i potent:<\/h2>\n\n\n\n<h2 class=\"wp-block-heading\">&#8211; Oferim a totes les persones col\u00b7legiades la possibilitat d\u2019obtenir una placa identificativa oficial per instal\u00b7lar al seu lloc de feina.<br>Aquest distintiu permet mostrar clarament a la ciutadania que ets un\/a professional titulat\/da en Ci\u00e8ncies de l\u2019Activitat F\u00edsica i de l\u2019Esport, col\u00b7legiat\/da, i que exerceixes amb garanties de formaci\u00f3 i responsabilitat.<\/h2>\n\n\n\n<h2 class=\"wp-block-heading\">Aquesta acci\u00f3 s\u2019alinea amb l\u2019article 148.e de la Llei de l\u2019Esport de les Illes Balears (2023), que estableix l\u2019obligaci\u00f3 de fer visible la qualificaci\u00f3 professional als serveis d\u2019activitat f\u00edsica i esportiva.<\/h2>\n\n\n\n<h2 class=\"wp-block-heading\">Col\u00b7locar la placa et dona:<br>&#8211; Transpar\u00e8ncia i seguretat per a la ciutadania<\/h2>\n\n\n\n<h2 class=\"wp-block-heading\">&#8211; Visibilitat i prestigi per al teu projecte professional<\/h2>\n\n\n\n<h2 class=\"wp-block-heading\">&#8211; Reconeixement institucional i legal<\/h2>\n\n\n\n<h2 class=\"wp-block-heading\">&#8211; Identitat i orgull de ser EFE col\u00b7legiat\/da<\/h2>\n\n\n\n<h2 class=\"wp-block-heading\">Tant si treballes en un centre d\u2019entrenament, estudi propi, club esportiu o espai educatiu, aquesta placa \u00e9s una eina de valor i diferenciaci\u00f3.<\/h2>\n\n\n\n<h2 class=\"wp-block-heading\">Com obtenir la teva placa?<br>&#8211; Nom\u00e9s has d\u2019emplenar aquest <a href=\"https:\/\/docs.google.com\/forms\/d\/e\/1FAIpQLSdIUDZJWbdVcBxiAoJZ1lsYtfQjtaJrpYkGFvLJQQQ_tbO9Lg\/viewform\" target=\"_blank\" rel=\"noreferrer noopener\">formulari<\/a><\/h2>\n\n\n\n<h2 class=\"wp-block-heading\">Gr\u00e0cies per contribuir a fer visible i respectada la nostra professi\u00f3 arreu de les Illes Balears.<\/h2>\n","protected":false},"excerpt":{"rendered":"<p>Des del COLEF Illes Balears, volem refor\u00e7ar la visibilitat i el reconeixement social i legal de la nostra professi\u00f3. Per aix\u00f2, posem en marxa una acci\u00f3 concreta i potent: &#8211; Oferim a totes les persones col\u00b7legiades la possibilitat d\u2019obtenir una placa identificativa oficial per instal\u00b7lar al seu lloc de feina.Aquest distintiu permet mostrar clarament a [&hellip;]<\/p>\n","protected":false},"author":4,"featured_media":0,"parent":273,"menu_order":-6,"comment_status":"closed","ping_status":"closed","template":"","meta":[],"yoast_head":"<!-- This site is optimized with the Yoast SEO plugin v19.6.1 - https:\/\/yoast.com\/wordpress\/plugins\/seo\/ -->\n<title>Placa identificativa EFE - COLEF Illes Balears<\/title>\n<meta name=\"robots\" content=\"index, follow, max-snippet:-1, max-image-preview:large, max-video-preview:-1\" \/>\n<link rel=\"canonical\" href=\"http:\/\/www.colefillesbalears.com\/web\/area-professional\/placa-identificativa-efe\/\" \/>\n<meta property=\"og:locale\" content=\"es_ES\" \/>\n<meta property=\"og:type\" content=\"article\" \/>\n<meta property=\"og:title\" content=\"Placa identificativa EFE - COLEF Illes Balears\" \/>\n<meta property=\"og:description\" content=\"Des del COLEF Illes Balears, volem refor\u00e7ar la visibilitat i el reconeixement social i legal de la nostra professi\u00f3. Per aix\u00f2, posem en marxa una acci\u00f3 concreta i potent: &#8211; Oferim a totes les persones col\u00b7legiades la possibilitat d\u2019obtenir una placa identificativa oficial per instal\u00b7lar al seu lloc de feina.Aquest distintiu permet mostrar clarament a [&hellip;]\" \/>\n<meta property=\"og:url\" content=\"http:\/\/www.colefillesbalears.com\/web\/area-professional\/placa-identificativa-efe\/\" \/>\n<meta property=\"og:site_name\" content=\"COLEF Illes Balears\" \/>\n<meta property=\"article:publisher\" content=\"https:\/\/www.facebook.com\/colef.illesbalears\/?ref=bookmarks\" \/>\n<meta property=\"article:modified_time\" content=\"2025-06-17T12:55:07+00:00\" \/>\n<meta property=\"og:image\" content=\"http:\/\/www.colefillesbalears.com\/web\/wp-content\/uploads\/2025\/06\/placa-identificativa-EFE.jpeg\" \/>\n<meta name=\"twitter:card\" content=\"summary_large_image\" \/>\n<meta name=\"twitter:site\" content=\"@COLEFBalears\" \/>\n<meta name=\"twitter:label1\" content=\"Tiempo de lectura\" \/>\n\t<meta name=\"twitter:data1\" content=\"1 minuto\" \/>\n<script type=\"application\/ld+json\" class=\"yoast-schema-graph\">{\"@context\":\"https:\/\/schema.org\",\"@graph\":[{\"@type\":\"WebPage\",\"@id\":\"http:\/\/www.colefillesbalears.com\/web\/area-professional\/placa-identificativa-efe\/\",\"url\":\"http:\/\/www.colefillesbalears.com\/web\/area-professional\/placa-identificativa-efe\/\",\"name\":\"Placa identificativa EFE - COLEF Illes Balears\",\"isPartOf\":{\"@id\":\"http:\/\/www.colefillesbalears.com\/web\/#website\"},\"datePublished\":\"2025-06-17T00:00:00+00:00\",\"dateModified\":\"2025-06-17T12:55:07+00:00\",\"breadcrumb\":{\"@id\":\"http:\/\/www.colefillesbalears.com\/web\/area-professional\/placa-identificativa-efe\/#breadcrumb\"},\"inLanguage\":\"es\",\"potentialAction\":[{\"@type\":\"ReadAction\",\"target\":[\"http:\/\/www.colefillesbalears.com\/web\/area-professional\/placa-identificativa-efe\/\"]}]},{\"@type\":\"BreadcrumbList\",\"@id\":\"http:\/\/www.colefillesbalears.com\/web\/area-professional\/placa-identificativa-efe\/#breadcrumb\",\"itemListElement\":[{\"@type\":\"ListItem\",\"position\":1,\"name\":\"Portada\",\"item\":\"http:\/\/www.colefillesbalears.com\/web\/\"},{\"@type\":\"ListItem\",\"position\":2,\"name\":\"\u00c0rea Professional\",\"item\":\"https:\/\/www.colefillesbalears.com\/web\/area-professional\/\"},{\"@type\":\"ListItem\",\"position\":3,\"name\":\"Placa identificativa EFE\"}]},{\"@type\":\"WebSite\",\"@id\":\"http:\/\/www.colefillesbalears.com\/web\/#website\",\"url\":\"http:\/\/www.colefillesbalears.com\/web\/\",\"name\":\"COLEF Illes Balears\",\"description\":\"\",\"publisher\":{\"@id\":\"http:\/\/www.colefillesbalears.com\/web\/#organization\"},\"potentialAction\":[{\"@type\":\"SearchAction\",\"target\":{\"@type\":\"EntryPoint\",\"urlTemplate\":\"http:\/\/www.colefillesbalears.com\/web\/?s={search_term_string}\"},\"query-input\":\"required name=search_term_string\"}],\"inLanguage\":\"es\"},{\"@type\":\"Organization\",\"@id\":\"http:\/\/www.colefillesbalears.com\/web\/#organization\",\"name\":\"Col\u00b7legi Oficial de Llicenciats en Ci\u00e8ncies de l'Activitat F\u00edsica i l'Esport de les Illes Balears\",\"url\":\"http:\/\/www.colefillesbalears.com\/web\/\",\"sameAs\":[\"https:\/\/www.youtube.com\/channel\/UClDRzEzUh03bePGcdVFw1cQ\/featured\",\"https:\/\/www.facebook.com\/colef.illesbalears\/?ref=bookmarks\",\"https:\/\/twitter.com\/COLEFBalears\"],\"logo\":{\"@type\":\"ImageObject\",\"inLanguage\":\"es\",\"@id\":\"http:\/\/www.colefillesbalears.com\/web\/#\/schema\/logo\/image\/\",\"url\":\"http:\/\/www.colefillesbalears.com\/web\/wp-content\/uploads\/2019\/05\/logo-colef-5.png\",\"contentUrl\":\"http:\/\/www.colefillesbalears.com\/web\/wp-content\/uploads\/2019\/05\/logo-colef-5.png\",\"width\":414,\"height\":175,\"caption\":\"Col\u00b7legi Oficial de Llicenciats en Ci\u00e8ncies de l'Activitat F\u00edsica i l'Esport de les Illes Balears\"},\"image\":{\"@id\":\"http:\/\/www.colefillesbalears.com\/web\/#\/schema\/logo\/image\/\"}}]}<\/script>\n<!-- \/ Yoast SEO plugin. -->","yoast_head_json":{"title":"Placa identificativa EFE - COLEF Illes Balears","robots":{"index":"index","follow":"follow","max-snippet":"max-snippet:-1","max-image-preview":"max-image-preview:large","max-video-preview":"max-video-preview:-1"},"canonical":"http:\/\/www.colefillesbalears.com\/web\/area-professional\/placa-identificativa-efe\/","og_locale":"es_ES","og_type":"article","og_title":"Placa identificativa EFE - COLEF Illes Balears","og_description":"Des del COLEF Illes Balears, volem refor\u00e7ar la visibilitat i el reconeixement social i legal de la nostra professi\u00f3. Per aix\u00f2, posem en marxa una acci\u00f3 concreta i potent: &#8211; Oferim a totes les persones col\u00b7legiades la possibilitat d\u2019obtenir una placa identificativa oficial per instal\u00b7lar al seu lloc de feina.Aquest distintiu permet mostrar clarament a [&hellip;]","og_url":"http:\/\/www.colefillesbalears.com\/web\/area-professional\/placa-identificativa-efe\/","og_site_name":"COLEF Illes Balears","article_publisher":"https:\/\/www.facebook.com\/colef.illesbalears\/?ref=bookmarks","article_modified_time":"2025-06-17T12:55:07+00:00","og_image":[{"url":"http:\/\/www.colefillesbalears.com\/web\/wp-content\/uploads\/2025\/06\/placa-identificativa-EFE.jpeg"}],"twitter_card":"summary_large_image","twitter_site":"@COLEFBalears","twitter_misc":{"Tiempo de lectura":"1 minuto"},"schema":{"@context":"https:\/\/schema.org","@graph":[{"@type":"WebPage","@id":"http:\/\/www.colefillesbalears.com\/web\/area-professional\/placa-identificativa-efe\/","url":"http:\/\/www.colefillesbalears.com\/web\/area-professional\/placa-identificativa-efe\/","name":"Placa identificativa EFE - COLEF Illes Balears","isPartOf":{"@id":"http:\/\/www.colefillesbalears.com\/web\/#website"},"datePublished":"2025-06-17T00:00:00+00:00","dateModified":"2025-06-17T12:55:07+00:00","breadcrumb":{"@id":"http:\/\/www.colefillesbalears.com\/web\/area-professional\/placa-identificativa-efe\/#breadcrumb"},"inLanguage":"es","potentialAction":[{"@type":"ReadAction","target":["http:\/\/www.colefillesbalears.com\/web\/area-professional\/placa-identificativa-efe\/"]}]},{"@type":"BreadcrumbList","@id":"http:\/\/www.colefillesbalears.com\/web\/area-professional\/placa-identificativa-efe\/#breadcrumb","itemListElement":[{"@type":"ListItem","position":1,"name":"Portada","item":"http:\/\/www.colefillesbalears.com\/web\/"},{"@type":"ListItem","position":2,"name":"\u00c0rea Professional","item":"https:\/\/www.colefillesbalears.com\/web\/area-professional\/"},{"@type":"ListItem","position":3,"name":"Placa identificativa EFE"}]},{"@type":"WebSite","@id":"http:\/\/www.colefillesbalears.com\/web\/#website","url":"http:\/\/www.colefillesbalears.com\/web\/","name":"COLEF Illes Balears","description":"","publisher":{"@id":"http:\/\/www.colefillesbalears.com\/web\/#organization"},"potentialAction":[{"@type":"SearchAction","target":{"@type":"EntryPoint","urlTemplate":"http:\/\/www.colefillesbalears.com\/web\/?s={search_term_string}"},"query-input":"required name=search_term_string"}],"inLanguage":"es"},{"@type":"Organization","@id":"http:\/\/www.colefillesbalears.com\/web\/#organization","name":"Col\u00b7legi Oficial de Llicenciats en Ci\u00e8ncies de l'Activitat F\u00edsica i l'Esport de les Illes Balears","url":"http:\/\/www.colefillesbalears.com\/web\/","sameAs":["https:\/\/www.youtube.com\/channel\/UClDRzEzUh03bePGcdVFw1cQ\/featured","https:\/\/www.facebook.com\/colef.illesbalears\/?ref=bookmarks","https:\/\/twitter.com\/COLEFBalears"],"logo":{"@type":"ImageObject","inLanguage":"es","@id":"http:\/\/www.colefillesbalears.com\/web\/#\/schema\/logo\/image\/","url":"http:\/\/www.colefillesbalears.com\/web\/wp-content\/uploads\/2019\/05\/logo-colef-5.png","contentUrl":"http:\/\/www.colefillesbalears.com\/web\/wp-content\/uploads\/2019\/05\/logo-colef-5.png","width":414,"height":175,"caption":"Col\u00b7legi Oficial de Llicenciats en Ci\u00e8ncies de l'Activitat F\u00edsica i l'Esport de les Illes Balears"},"image":{"@id":"http:\/\/www.colefillesbalears.com\/web\/#\/schema\/logo\/image\/"}}]}},"_links":{"self":[{"href":"http:\/\/www.colefillesbalears.com\/web\/wp-json\/wp\/v2\/pages\/8291"}],"collection":[{"href":"http:\/\/www.colefillesbalears.com\/web\/wp-json\/wp\/v2\/pages"}],"about":[{"href":"http:\/\/www.colefillesbalears.com\/web\/wp-json\/wp\/v2\/types\/page"}],"author":[{"embeddable":true,"href":"http:\/\/www.colefillesbalears.com\/web\/wp-json\/wp\/v2\/users\/4"}],"replies":[{"embeddable":true,"href":"http:\/\/www.colefillesbalears.com\/web\/wp-json\/wp\/v2\/comments?post=8291"}],"version-history":[{"count":2,"href":"http:\/\/www.colefillesbalears.com\/web\/wp-json\/wp\/v2\/pages\/8291\/revisions"}],"predecessor-version":[{"id":8296,"href":"http:\/\/www.colefillesbalears.com\/web\/wp-json\/wp\/v2\/pages\/8291\/revisions\/8296"}],"up":[{"embeddable":true,"href":"http:\/\/www.colefillesbalears.com\/web\/wp-json\/wp\/v2\/pages\/273"}],"wp:attachment":[{"href":"http:\/\/www.colefillesbalears.com\/web\/wp-json\/wp\/v2\/media?parent=8291"}],"curies":[{"name":"wp","href":"https:\/\/api.w.org\/{rel}","templated":true}]}}